{"version":"1.0","type":"rich","provider_name":"Creativ&#8217;Art Studio","provider_url":"https:\/\/www.creativart-studio.fr","title":"Qui suis-je&nbsp;?","author_name":"Creativ&#8217;Art Studio","width":"480","height":"295","url":"http:\/\/creativart-studio.fr\/a-propos-32","html":"\u003Ch4 class='title'\u003E\u003Ca href='http:\/\/creativart-studio.fr\/a-propos-32'\u003EQui suis-je&nbsp;?\u003C\/a\u003E\u003C\/h4\u003E\u003Cblockquote class='spip'\u003E\n\u003Cp\u003EL\u00e0 o\u00f9 les photos racontent ce que les mots n\u2019osent pas toujours dire. \n\nJe m\u2019appelle Manuel, j\u2019ai 56 ans, 20 ans de pratique photo, et j\u2019ai une conviction simple&nbsp;: la photographie devrait \u00eatre un moment qui fait du bien &mdash; pas un truc stressant, pas une pose fig\u00e9e, pas un sourire forc\u00e9. Juste vous. Tel(le) que vous \u00eates, avec votre naturel, vos rires, vos maladresses parfois\u2026 et toute votre vraie pr\u00e9sence. \n\nDepuis mes d\u00e9buts, j\u2019ai vu des gens arriver au studio crisp\u00e9s, press\u00e9s, convaincus&nbsp;(\u2026)\u003C\/p\u003E\n\u003C\/blockquote\u003E\n"}